{"id":1669,"date":"2025-03-17T03:37:38","date_gmt":"2025-03-17T02:37:38","guid":{"rendered":"https:\/\/przychodniawitomino.xaa.pl\/?post_type=poradnia&#038;p=1669"},"modified":"2025-04-02T01:50:01","modified_gmt":"2025-04-01T23:50:01","slug":"pielegniarki","status":"publish","type":"poradnia","link":"https:\/\/przychodniawitomino.pl\/en\/poradnia\/pielegniarki\/","title":{"rendered":"Piel\u0119gniarki"},"content":{"rendered":"<div data-elementor-type=\"wp-post\" data-elementor-id=\"1669\" class=\"elementor elementor-1669\" data-elementor-post-type=\"poradnia\">\n\t\t\t\t<div class=\"elementor-element elementor-element-b0aba6e e-con-full s2-c e-flex e-con e-parent\" data-id=\"b0aba6e\" data-element_type=\"container\" data-e-type=\"container\">\n\t\t\t\t<div class=\"elementor-element elementor-element-d99e326 elementor-widget elementor-widget-text-editor\" data-id=\"d99e326\" data-element_type=\"widget\" data-e-type=\"widget\" data-widget_type=\"text-editor.default\">\n\t\t\t\t<div class=\"elementor-widget-container\">\n\t\t\t\t\t\t\t\t\t<p class=\"font_8 wixui-rich-text__text\"><span class=\"wixui-rich-text__text\">\u015awiadczenia piel\u0119gniarki podstawowej opieki zdrowotnej realizowane w domu \u015bwiadczeniobiorcy, w tym r\u00f3wnie\u017c\u00a0w domu pomocy spo\u0142ecznej, odbywaj\u0105 si\u0119 zgodnie z ustalonym dla \u015bwiadczeniobiorcy indywidualnym planem opieki. Um\u00f3wienie si\u0119 z piel\u0119gniark\u0105, na podstawie zlecenia lekarskiego, mo\u017cliwe jest w Gabinecie nr 101 i 108 oraz telefonicznie w rejestracji og\u00f3lnej.<\/span><\/p>\t\t\t\t\t\t\t\t<\/div>\n\t\t\t\t<\/div>\n\t\t\t\t<\/div>\n\t\t<div class=\"elementor-element elementor-element-652ac66 e-con-full e-flex e-con e-parent\" data-id=\"652ac66\" data-element_type=\"container\" data-e-type=\"container\">\n\t\t\t\t<div class=\"elementor-element elementor-element-5ec2d48 g2 elementor-widget elementor-widget-heading\" data-id=\"5ec2d48\" data-element_type=\"widget\" data-e-type=\"widget\" data-widget_type=\"heading.default\">\n\t\t\t\t<div class=\"elementor-widget-container\">\n\t\t\t\t\t<h3 class=\"elementor-heading-title elementor-size-default\">Zesp\u00f3\u0142 Piel\u0119gniarski Przychodni Witomino:<\/h3>\t\t\t\t<\/div>\n\t\t\t\t<\/div>\n\t\t\t\t<div class=\"elementor-element elementor-element-0ce9123 ul1 elementor-widget elementor-widget-text-editor\" data-id=\"0ce9123\" data-element_type=\"widget\" data-e-type=\"widget\" data-widget_type=\"text-editor.default\">\n\t\t\t\t<div class=\"elementor-widget-container\">\n\t\t\t\t\t\t\t\t\t<ul class=\"font_8 wixui-rich-text__text\"><li class=\"wixui-rich-text__text\"><p class=\"font_8 wixui-rich-text__text\"><span class=\"wixui-rich-text__text\">\u200bKatarzyna Lubomirska &#8211; piel\u0119gniarka koordynuj\u0105ca, piel\u0119gniarka \u015brodowiskowo-rodzinna dla doros\u0142ych;<\/span><\/p><\/li><li class=\"wixui-rich-text__text\"><p class=\"font_8 wixui-rich-text__text\"><span class=\"wixui-rich-text__text\">Dorota Cichosz \u2013 piel\u0119gniarka \u015brodowiskowo-rodzinna dla dzieci;<\/span><\/p><\/li><li class=\"wixui-rich-text__text\"><p class=\"font_8 wixui-rich-text__text\"><span class=\"wixui-rich-text__text\">Hanna Kichler &#8211; piel\u0119gniarka \u015brodowiskowo-rodzinna dla doros\u0142ych;<\/span><\/p><\/li><li class=\"wixui-rich-text__text\"><p class=\"font_8 wixui-rich-text__text\"><span class=\"wixui-rich-text__text\">Ewa Kocik &#8211; piel\u0119gniarka \u015brodowiskowo-rodzinna dla doros\u0142ych;<\/span><\/p><\/li><li class=\"wixui-rich-text__text\"><p class=\"font_8 wixui-rich-text__text\"><span class=\"wixui-rich-text__text\">Kamila Kurek \u2013 piel\u0119gniarka \u015brodowiskowo-rodzinna dla doros\u0142ych;<\/span><\/p><\/li><li class=\"wixui-rich-text__text\"><p class=\"font_8 wixui-rich-text__text\"><span class=\"wixui-rich-text__text\">El\u017cbieta Mirowska &#8211; piel\u0119gniarka \u015brodowiskowo-rodzinna dla doros\u0142ych;<\/span><\/p><\/li><li class=\"wixui-rich-text__text\"><p class=\"font_8 wixui-rich-text__text\"><span class=\"wixui-rich-text__text\">Krystyna Kunikowska &#8211; piel\u0119gniarka \u015brodowiskowo-rodzinna dla doros\u0142ych;<\/span><\/p><\/li><li class=\"wixui-rich-text__text\"><p class=\"font_8 wixui-rich-text__text\"><span class=\"wixui-rich-text__text\">Beata Szmidt &#8211; piel\u0119gniarka \u015brodowiskowo-rodzinna dla doros\u0142ych;<\/span><\/p><\/li><li class=\"wixui-rich-text__text\"><p class=\"font_8 wixui-rich-text__text\"><span class=\"wixui-rich-text__text\">Barbara Maczkowska &#8211; piel\u0119gniarka \u015brodowiskowo-rodzinna dla doros\u0142ych.<\/span><\/p><\/li><\/ul>\t\t\t\t\t\t\t\t<\/div>\n\t\t\t\t<\/div>\n\t\t\t\t<\/div>\n\t\t\t\t<\/div>","protected":false},"featured_media":1671,"template":"","wyswietlanie":[],"class_list":["post-1669","poradnia","type-poradnia","status-publish","has-post-thumbnail","hentry"],"_links":{"self":[{"href":"https:\/\/przychodniawitomino.pl\/en\/wp-json\/wp\/v2\/poradnia\/1669","targetHints":{"allow":["GET"]}}],"collection":[{"href":"https:\/\/przychodniawitomino.pl\/en\/wp-json\/wp\/v2\/poradnia"}],"about":[{"href":"https:\/\/przychodniawitomino.pl\/en\/wp-json\/wp\/v2\/types\/poradnia"}],"version-history":[{"count":13,"href":"https:\/\/przychodniawitomino.pl\/en\/wp-json\/wp\/v2\/poradnia\/1669\/revisions"}],"predecessor-version":[{"id":3234,"href":"https:\/\/przychodniawitomino.pl\/en\/wp-json\/wp\/v2\/poradnia\/1669\/revisions\/3234"}],"wp:featuredmedia":[{"embeddable":true,"href":"https:\/\/przychodniawitomino.pl\/en\/wp-json\/wp\/v2\/media\/1671"}],"wp:attachment":[{"href":"https:\/\/przychodniawitomino.pl\/en\/wp-json\/wp\/v2\/media?parent=1669"}],"wp:term":[{"taxonomy":"wyswietlanie","embeddable":true,"href":"https:\/\/przychodniawitomino.pl\/en\/wp-json\/wp\/v2\/wyswietlanie?post=1669"}],"curies":[{"name":"wp","href":"https:\/\/api.w.org\/{rel}","templated":true}]}}