{"id":6650,"date":"2026-09-04T10:53:50","date_gmt":"2026-09-04T08:53:50","guid":{"rendered":"https:\/\/przychodniawitomino.pl\/?page_id=6650"},"modified":"2026-09-04T11:05:18","modified_gmt":"2026-09-04T09:05:18","slug":"opieka-koordynowana","status":"publish","type":"page","link":"https:\/\/przychodniawitomino.pl\/en\/opieka-koordynowana\/","title":{"rendered":"Opieka Koordynowana"},"content":{"rendered":"<div data-elementor-type=\"wp-page\" data-elementor-id=\"6650\" class=\"elementor elementor-6650\" data-elementor-post-type=\"page\">\n\t\t\t\t<div class=\"elementor-element elementor-element-590dc4a e-con-full e-flex e-con e-parent\" data-id=\"590dc4a\" data-element_type=\"container\" data-e-type=\"container\">\n\t\t<div class=\"elementor-element elementor-element-67b2ff2 e-flex e-con-boxed e-con e-child\" data-id=\"67b2ff2\" data-element_type=\"container\" data-e-type=\"container\">\n\t\t\t\t\t<div class=\"e-con-inner\">\n\t\t\t\t<div class=\"elementor-element elementor-element-6b50e57 elementor-widget elementor-widget-text-editor\" data-id=\"6b50e57\" data-element_type=\"widget\" data-e-type=\"widget\" data-widget_type=\"text-editor.default\">\n\t\t\t\t<div class=\"elementor-widget-container\">\n\t\t\t\t\t\t\t\t\t<h6>W Przychodni Witomino realizujemy <strong>opiek\u0119 koordynowan\u0105<\/strong>, kt\u00f3ra umo\u017cliwia Pacjentom z wybranymi chorobami przewlek\u0142ymi korzystanie z szerszej diagnostyki oraz konsultacji specjalistycznych w ramach NFZ.<\/h6>\n<h6>Realizujemy trzy \u015bcie\u017cki opieki:<\/h6>\n<ul>\n<li>\n<h6>kardiologiczn\u0105,<\/h6>\n<\/li>\n<li>\n<h6>diabetologiczn\u0105,<\/h6>\n<\/li>\n<li>\n<h6>nefrologiczn\u0105.<\/h6>\n<\/li>\n<\/ul>\n<h6><strong>Na czym polega opieka koordynowana?<\/strong><\/h6>\n<h6>Lekarz POZ, po zakwalifikowaniu Pacjenta do programu, ustala <strong>Indywidualny Plan Opieki Medycznej (IPOM)<\/strong>. W zale\u017cno\u015bci od potrzeb mo\u017ce zleci\u0107 dodatkowe badania diagnostyczne, konsultacje z lekarzem specjalist\u0105, a tak\u017ce porady edukacyjne lub dietetyczne.<\/h6>\n<h6>Nad przebiegiem leczenia i organizacj\u0105 poszczeg\u00f3lnych \u015bwiadcze\u0144 czuwa <strong>koordynator opieki<\/strong>.<\/h6>\n<h6><strong>Konsultacje specjalistyczne:<\/strong><\/h6>\n<h6>Konsultacje z lekarzami specjalistami w ramach opieki koordynowanej realizowane s\u0105 przez naszych podwykonawc\u00f3w w\u00a0 <em>Specjalistycznej Przychodni Lekarskiej \u201e\u015ar\u00f3dmie\u015bcie\u201d sp. z o.o<\/em>. przy <strong>ul. Armii Krajowej 44 w Gdyni<\/strong>.<\/h6>\n<h6><strong>Jak skorzysta\u0107?<\/strong><\/h6>\n<h6>Um\u00f3w si\u0119 na wizyt\u0119 do <strong>lekarza rodzinnego w Przychodni Witomino<\/strong>. Lekarz oceni, czy mo\u017cesz zosta\u0107 obj\u0119ty opiek\u0105 koordynowan\u0105 i zaplanuje dalsze leczenie.<\/h6>\t\t\t\t\t\t\t\t<\/div>\n\t\t\t\t<\/div>\n\t\t\t\t\t<\/div>\n\t\t\t\t<\/div>\n\t\t\t\t<\/div>\n\t\t\t\t<\/div>","protected":false},"excerpt":{"rendered":"<p>W Przychodni Witomino realizujemy opiek\u0119 koordynowan\u0105, kt\u00f3ra umo\u017cliwia Pacjentom z wybranymi chorobami przewlek\u0142ymi korzystanie z szerszej diagnostyki oraz konsultacji specjalistycznych w ramach NFZ. Realizujemy trzy \u015bcie\u017cki opieki: kardiologiczn\u0105, diabetologiczn\u0105, nefrologiczn\u0105. Na czym polega opieka koordynowana? Lekarz POZ, po zakwalifikowaniu Pacjenta do programu, ustala Indywidualny Plan Opieki Medycznej (IPOM). W zale\u017cno\u015bci od potrzeb mo\u017ce zleci\u0107 dodatkowe [&hellip;]<\/p>\n","protected":false},"author":3,"featured_media":0,"parent":0,"menu_order":0,"comment_status":"closed","ping_status":"closed","template":"","meta":{"footnotes":""},"typ":[21],"class_list":["post-6650","page","type-page","status-publish","hentry","typ-profilaktyka"],"_links":{"self":[{"href":"https:\/\/przychodniawitomino.pl\/en\/wp-json\/wp\/v2\/pages\/6650","targetHints":{"allow":["GET"]}}],"collection":[{"href":"https:\/\/przychodniawitomino.pl\/en\/wp-json\/wp\/v2\/pages"}],"about":[{"href":"https:\/\/przychodniawitomino.pl\/en\/wp-json\/wp\/v2\/types\/page"}],"author":[{"embeddable":true,"href":"https:\/\/przychodniawitomino.pl\/en\/wp-json\/wp\/v2\/users\/3"}],"replies":[{"embeddable":true,"href":"https:\/\/przychodniawitomino.pl\/en\/wp-json\/wp\/v2\/comments?post=6650"}],"version-history":[{"count":14,"href":"https:\/\/przychodniawitomino.pl\/en\/wp-json\/wp\/v2\/pages\/6650\/revisions"}],"predecessor-version":[{"id":6665,"href":"https:\/\/przychodniawitomino.pl\/en\/wp-json\/wp\/v2\/pages\/6650\/revisions\/6665"}],"wp:attachment":[{"href":"https:\/\/przychodniawitomino.pl\/en\/wp-json\/wp\/v2\/media?parent=6650"}],"wp:term":[{"taxonomy":"typ","embeddable":true,"href":"https:\/\/przychodniawitomino.pl\/en\/wp-json\/wp\/v2\/typ?post=6650"}],"curies":[{"name":"wp","href":"https:\/\/api.w.org\/{rel}","templated":true}]}}