{"id":6603,"date":"2026-08-31T02:33:44","date_gmt":"2026-08-31T00:33:44","guid":{"rendered":"https:\/\/przychodniawitomino.pl\/?page_id=6603"},"modified":"2026-08-31T02:36:32","modified_gmt":"2026-08-31T00:36:32","slug":"projekt-grantowy-feniks","status":"publish","type":"page","link":"https:\/\/przychodniawitomino.pl\/en\/projekt-grantowy-feniks\/","title":{"rendered":"Projekt grantowy FEnIKS"},"content":{"rendered":"<div data-elementor-type=\"wp-page\" data-elementor-id=\"6603\" class=\"elementor elementor-6603\" data-elementor-post-type=\"page\">\n\t\t\t\t<div class=\"elementor-element elementor-element-1902c5b e-con-full e-flex e-con e-parent\" data-id=\"1902c5b\" data-element_type=\"container\" data-e-type=\"container\">\n\t\t<div class=\"elementor-element elementor-element-5972c93 e-con-full e-flex e-con e-child\" data-id=\"5972c93\" data-element_type=\"container\" data-e-type=\"container\">\n\t\t\t\t<div class=\"elementor-element elementor-element-1c9b11a g1 elementor-widget elementor-widget-heading\" data-id=\"1c9b11a\" data-element_type=\"widget\" data-e-type=\"widget\" data-widget_type=\"heading.default\">\n\t\t\t\t<div class=\"elementor-widget-container\">\n\t\t\t\t\t<h2 class=\"elementor-heading-title elementor-size-default\"><span>Wsparcie podstawowej opieki zdrowotnej (POZ)<\/span><\/h2>\t\t\t\t<\/div>\n\t\t\t\t<\/div>\n\t\t\t\t<div class=\"elementor-element elementor-element-b5912c9 g2 elementor-widget elementor-widget-heading\" data-id=\"b5912c9\" data-element_type=\"widget\" data-e-type=\"widget\" data-widget_type=\"heading.default\">\n\t\t\t\t<div class=\"elementor-widget-container\">\n\t\t\t\t\t<h4 class=\"elementor-heading-title elementor-size-default\"><span>Projekt grantowy FEnIKS \u2013 Wsparcie POZ<\/span><\/h4>\t\t\t\t<\/div>\n\t\t\t\t<\/div>\n\t\t\t\t<\/div>\n\t\t<div class=\"elementor-element elementor-element-65f2d35 e-con-full e-flex e-con e-child\" data-id=\"65f2d35\" data-element_type=\"container\" data-e-type=\"container\">\n\t\t<div class=\"elementor-element elementor-element-26cbdac e-flex e-con-boxed e-con e-child\" data-id=\"26cbdac\" data-element_type=\"container\" data-e-type=\"container\">\n\t\t\t\t\t<div class=\"e-con-inner\">\n\t\t\t\t<div class=\"elementor-element elementor-element-af3e67e elementor-widget elementor-widget-image\" data-id=\"af3e67e\" data-element_type=\"widget\" data-e-type=\"widget\" data-widget_type=\"image.default\">\n\t\t\t\t<div class=\"elementor-widget-container\">\n\t\t\t\t\t\t\t\t\t\t\t\t\t\t\t<img fetchpriority=\"high\" decoding=\"async\" width=\"800\" height=\"87\" src=\"https:\/\/przychodniawitomino.pl\/wp-content\/uploads\/2026\/08\/FENIKS_RP_UE_NFZ_RGB-kolor-1024x111.png\" class=\"attachment-large size-large wp-image-6605\" alt=\"\" srcset=\"https:\/\/przychodniawitomino.pl\/wp-content\/uploads\/2026\/08\/FENIKS_RP_UE_NFZ_RGB-kolor-1024x111.png 1024w, https:\/\/przychodniawitomino.pl\/wp-content\/uploads\/2026\/08\/FENIKS_RP_UE_NFZ_RGB-kolor-300x33.png 300w, https:\/\/przychodniawitomino.pl\/wp-content\/uploads\/2026\/08\/FENIKS_RP_UE_NFZ_RGB-kolor-768x83.png 768w, https:\/\/przychodniawitomino.pl\/wp-content\/uploads\/2026\/08\/FENIKS_RP_UE_NFZ_RGB-kolor-1536x167.png 1536w, https:\/\/przychodniawitomino.pl\/wp-content\/uploads\/2026\/08\/FENIKS_RP_UE_NFZ_RGB-kolor-18x2.png 18w, https:\/\/przychodniawitomino.pl\/wp-content\/uploads\/2026\/08\/FENIKS_RP_UE_NFZ_RGB-kolor.png 1573w\" sizes=\"(max-width: 800px) 100vw, 800px\" \/>\t\t\t\t\t\t\t\t\t\t\t\t\t\t\t<\/div>\n\t\t\t\t<\/div>\n\t\t\t\t\t<\/div>\n\t\t\t\t<\/div>\n\t\t<div class=\"elementor-element elementor-element-df388c3 e-con-full e-flex e-con e-child\" data-id=\"df388c3\" data-element_type=\"container\" data-e-type=\"container\" data-settings=\"{&quot;background_background&quot;:&quot;classic&quot;}\">\n\t\t\t\t<div class=\"elementor-element elementor-element-4e9a71e elementor-widget elementor-widget-text-editor\" data-id=\"4e9a71e\" data-element_type=\"widget\" data-e-type=\"widget\" data-widget_type=\"text-editor.default\">\n\t\t\t\t<div class=\"elementor-widget-container\">\n\t\t\t\t\t\t\t\t\t<p class=\"PDq2pG_selectionAnchorContainer\" data-start=\"360\" data-end=\"571\">\u201ePrzychodnia Lekarska Witomino\u201d Sp. z o.o. w Gdyni realizuje przedsi\u0119wzi\u0119cie pn. <strong data-start=\"441\" data-end=\"491\">\u201eWsparcie podstawowej opieki zdrowotnej (POZ)\u201d<\/strong> na podstawie umowy o powierzenie grantu zawartej z Narodowym Funduszem Zdrowia.<\/p><p data-start=\"573\" data-end=\"767\">Przedsi\u0119wzi\u0119cie jest dofinansowane ze \u015brodk\u00f3w <strong data-start=\"619\" data-end=\"666\">Europejskiego Funduszu Rozwoju Regionalnego<\/strong> w ramach Programu <strong data-start=\"685\" data-end=\"766\">Fundusze Europejskie na Infrastruktur\u0119, Klimat, \u015arodowisko 2021\u20132027 (FEnIKS)<\/strong>.<\/p><h2 data-section-id=\"13brt3m\" data-start=\"769\" data-end=\"796\">Najwa\u017cniejsze informacje<\/h2><p data-start=\"798\" data-end=\"860\"><strong data-start=\"798\" data-end=\"815\">Grantobiorca:<\/strong><br data-start=\"815\" data-end=\"818\" \/>\u201ePrzychodnia Lekarska Witomino\u201d Sp. z o.o.<\/p><p data-start=\"862\" data-end=\"919\"><strong data-start=\"862\" data-end=\"885\">Miejsce realizacji:<\/strong><br data-start=\"885\" data-end=\"888\" \/>ul. Konwaliowa 2, 81-651 Gdynia<\/p><p data-start=\"921\" data-end=\"960\"><strong data-start=\"921\" data-end=\"939\">Numer wniosku:<\/strong><br data-start=\"939\" data-end=\"942\" \/>011OW\/2342\/II\/2026<\/p><p data-start=\"962\" data-end=\"1016\"><strong data-start=\"962\" data-end=\"1000\">Ca\u0142kowita warto\u015b\u0107 przedsi\u0119wzi\u0119cia:<\/strong><br data-start=\"1000\" data-end=\"1003\" \/>450 000,00 z\u0142<\/p><p data-start=\"1018\" data-end=\"1073\"><strong data-start=\"1018\" data-end=\"1057\">Wk\u0142ad Funduszy Europejskich (EFRR):<\/strong><br data-start=\"1057\" data-end=\"1060\" \/>358 695,00 z\u0142<\/p><h2 data-section-id=\"1bcpo09\" data-start=\"1075\" data-end=\"1128\">Co zostanie zrealizowane w ramach przedsi\u0119wzi\u0119cia?<\/h2><p data-start=\"1130\" data-end=\"1276\">Wsparcie obejmuje zakup sprz\u0119tu medycznego i informatycznego oraz wykonanie rob\u00f3t budowlanych poprawiaj\u0105cych dost\u0119pno\u015b\u0107 i funkcjonalno\u015b\u0107 plac\u00f3wki.<\/p><p data-start=\"1278\" data-end=\"1525\">Zakres przedsi\u0119wzi\u0119cia zosta\u0142 dobrany tak, aby wzmocni\u0107 diagnostyk\u0119, profilaktyk\u0119, opiek\u0119 nad osobami przewlekle chorymi i starszymi oraz usprawni\u0107 kontakt pacjent\u00f3w z personelem podstawowej opieki zdrowotnej.<\/p><h3 data-section-id=\"rc9wdy\" data-start=\"1527\" data-end=\"1560\">Sprz\u0119t i wyposa\u017cenie medyczne<\/h3><p data-start=\"1562\" data-end=\"1605\">W ramach przedsi\u0119wzi\u0119cia zakupione zostan\u0105:<\/p><ul data-start=\"1607\" data-end=\"1787\"><li data-section-id=\"8hnsee\" data-start=\"1607\" data-end=\"1693\">wszechstronny aparat USG z Dopplerem oraz funkcjami kardiologicznymi i naczyniowymi,<\/li><li data-section-id=\"8iiz60\" data-start=\"1694\" data-end=\"1710\">4 holtery EKG,<\/li><li data-section-id=\"1c5nwbs\" data-start=\"1711\" data-end=\"1735\">4 holtery ci\u015bnieniowe,<\/li><li data-section-id=\"duaa4d\" data-start=\"1736\" data-end=\"1749\">3 otoskopy,<\/li><li data-section-id=\"pjqsfi\" data-start=\"1750\" data-end=\"1787\">fantom do nauki samobadania piersi.<\/li><\/ul><h3 data-section-id=\"pk854d\" data-start=\"1789\" data-end=\"1832\">Sprz\u0119t serwerowo-sieciowy i komputerowy<\/h3><p data-start=\"1834\" data-end=\"1861\">Przewidziano r\u00f3wnie\u017c zakup:<\/p><ul data-start=\"1863\" data-end=\"2033\"><li data-section-id=\"5kidz9\" data-start=\"1863\" data-end=\"1926\">serwera do archiwizacji bazy danych i dokumentacji medycznej,<\/li><li data-section-id=\"b6qst4\" data-start=\"1927\" data-end=\"1989\">3 tablet\u00f3w lub smartfon\u00f3w wspieraj\u0105cych kontakt z pacjentem,<\/li><li data-section-id=\"6965rr\" data-start=\"1990\" data-end=\"2033\">4 zestaw\u00f3w komputerowych typu All in One.<\/li><\/ul><h3 data-section-id=\"wluzy8\" data-start=\"2035\" data-end=\"2077\">Roboty budowlane i poprawa dost\u0119pno\u015bci<\/h3><p data-start=\"2079\" data-end=\"2179\">Prace obejm\u0105 remont <strong data-start=\"2099\" data-end=\"2111\">4 toalet<\/strong>, w tym dw\u00f3ch dostosowanych do potrzeb os\u00f3b z niepe\u0142nosprawno\u015bciami.<\/p><p data-start=\"2181\" data-end=\"2290\">Pomieszczenia zostan\u0105 r\u00f3wnie\u017c oznakowane tabliczkami zawieraj\u0105cymi informacje wypuk\u0142e oraz alfabet Braille\u2019a.<\/p><p data-start=\"2292\" data-end=\"2423\">Zakres przedsi\u0119wzi\u0119cia przewiduje tak\u017ce rozwi\u0105zania zwi\u0119kszaj\u0105ce dost\u0119pno\u015b\u0107 plac\u00f3wki dla os\u00f3b doros\u0142ych ze szczeg\u00f3lnymi potrzebami.<\/p><h3 data-section-id=\"le6spx\" data-start=\"2425\" data-end=\"2465\">Dzia\u0142ania organizacyjne i edukacyjne<\/h3><p data-start=\"2467\" data-end=\"2492\">Projekt obejmuje r\u00f3wnie\u017c:<\/p><ul data-start=\"2494\" data-end=\"2716\"><li data-section-id=\"s6g3b\" data-start=\"2494\" data-end=\"2529\">aktywne dzia\u0142ania profilaktyczne,<\/li><li data-section-id=\"1b1hsby\" data-start=\"2530\" data-end=\"2551\">edukacj\u0119 zdrowotn\u0105,<\/li><li data-section-id=\"12wvxur\" data-start=\"2552\" data-end=\"2589\">popraw\u0119 dost\u0119pno\u015bci komunikacyjnej,<\/li><li data-section-id=\"12sfcff\" data-start=\"2590\" data-end=\"2622\">dzia\u0142ania antydyskryminacyjne,<\/li><li data-section-id=\"19pjr0s\" data-start=\"2623\" data-end=\"2716\">podnoszenie kompetencji personelu w zakresie kontaktu z osobami ze szczeg\u00f3lnymi potrzebami.<\/li><\/ul><h2 data-section-id=\"em46p5\" data-start=\"2718\" data-end=\"2761\">Do kogo skierowane jest przedsi\u0119wzi\u0119cie?<\/h2><p data-start=\"2763\" data-end=\"2876\">Przedsi\u0119wzi\u0119cie jest skierowane do pacjent\u00f3w Przychodni Lekarskiej Witomino obj\u0119tych podstawow\u0105 opiek\u0105 zdrowotn\u0105.<\/p><p data-start=\"2878\" data-end=\"2908\">Szczeg\u00f3ln\u0105 uwag\u0119 kierujemy do:<\/p><ul data-start=\"2910\" data-end=\"3601\"><li data-section-id=\"7mbvw5\" data-start=\"2910\" data-end=\"3075\">os\u00f3b starszych i pacjent\u00f3w wielochorobowych, dla kt\u00f3rych istotne s\u0105 szybka diagnostyka, bezpiecze\u0144stwo farmakoterapii, profilaktyka upadk\u00f3w i zdrowe starzenie si\u0119,<\/li><li data-section-id=\"lf4cgh\" data-start=\"3076\" data-end=\"3174\">pacjent\u00f3w z chorobami przewlek\u0142ymi oraz czynnikami ryzyka sercowo-naczyniowego i metabolicznego,<\/li><li data-section-id=\"vt2d92\" data-start=\"3175\" data-end=\"3311\">os\u00f3b korzystaj\u0105cych z bada\u0144 profilaktycznych i przesiewowych, w tym programu \u201eMoje Zdrowie\u201d, profilaktyki nowotworowej oraz szczepie\u0144,<\/li><li data-section-id=\"12rce7p\" data-start=\"3312\" data-end=\"3441\">os\u00f3b z niepe\u0142nosprawno\u015bciami, ograniczeniami mobilno\u015bci, wzroku lub s\u0142uchu, a tak\u017ce ze szczeg\u00f3lnymi potrzebami komunikacyjnymi,<\/li><li data-section-id=\"1sr56vp\" data-start=\"3442\" data-end=\"3601\">dzieci, m\u0142odzie\u017cy i doros\u0142ych korzystaj\u0105cych ze \u015bwiadcze\u0144 POZ oraz ich opiekun\u00f3w.<\/li><\/ul><h2 data-section-id=\"xmgqzw\" data-start=\"3603\" data-end=\"3633\">G\u0142\u00f3wne cele przedsi\u0119wzi\u0119cia<\/h2><p data-start=\"3635\" data-end=\"3666\">Realizacja projektu ma na celu:<\/p><ul data-start=\"3668\" data-end=\"4430\"><li data-section-id=\"1mbho3s\" data-start=\"3668\" data-end=\"3833\">zwi\u0119kszenie dost\u0119pno\u015bci do \u015bwiadcze\u0144 podstawowej opieki zdrowotnej oraz niezb\u0119dnej diagnostyki, w szczeg\u00f3lno\u015bci dla mieszka\u0144c\u00f3w starzej\u0105cej si\u0119 dzielnicy Witomino,<\/li><li data-section-id=\"bzzpug\" data-start=\"3834\" data-end=\"3966\">popraw\u0119 infrastruktury i funkcjonalno\u015bci pomieszcze\u0144 w celu rozwijania profilaktyki, diagnostyki, leczenia i opieki koordynowanej,<\/li><li data-section-id=\"1p7p67q\" data-start=\"3967\" data-end=\"4100\">skr\u00f3cenie czasu oczekiwania na badania diagnostyczne i zwi\u0119kszenie mo\u017cliwo\u015bci prowadzenia diagnostyki bezpo\u015brednio na poziomie POZ,<\/li><li data-section-id=\"1k7dd9k\" data-start=\"4101\" data-end=\"4168\">zwi\u0119kszenie dost\u0119pno\u015bci i efektywno\u015bci systemu opieki zdrowotnej,<\/li><li data-section-id=\"igjtyz\" data-start=\"4169\" data-end=\"4244\">ograniczanie barier architektonicznych, informacyjnych i komunikacyjnych,<\/li><li data-section-id=\"vjzq8t\" data-start=\"4245\" data-end=\"4430\">skr\u00f3cenie dystansu pomi\u0119dzy pacjentem a personelem POZ poprzez rozw\u00f3j rozwi\u0105za\u0144 teleinformatycznych i narz\u0119dzi wspieraj\u0105cych kontakt z pacjentem.<\/li><\/ul><h2 data-section-id=\"jo3ep5\" data-start=\"4432\" data-end=\"4452\">Oczekiwane efekty<\/h2><p data-start=\"4454\" data-end=\"4503\">Dzi\u0119ki realizacji przedsi\u0119wzi\u0119cia mo\u017cliwe b\u0119dzie:<\/p><ul data-start=\"4505\" data-end=\"5306\"><li data-section-id=\"1e9hzcx\" data-start=\"4505\" data-end=\"4662\">zapewnienie szerszej i szybszej diagnostyki ultrasonograficznej, kardiologicznej i ci\u015bnieniowej bez konieczno\u015bci kierowania cz\u0119\u015bci pacjent\u00f3w poza plac\u00f3wk\u0119,<\/li><li data-section-id=\"1f3m9bx\" data-start=\"4663\" data-end=\"4769\">zwi\u0119kszenie skuteczno\u015bci dzia\u0142a\u0144 profilaktycznych, bada\u0144 przesiewowych, szczepie\u0144 i edukacji zdrowotnej,<\/li><li data-section-id=\"1psv89w\" data-start=\"4770\" data-end=\"4866\">poprawa jako\u015bci, bezpiecze\u0144stwa i ci\u0105g\u0142o\u015bci opieki nad osobami starszymi i przewlekle chorymi,<\/li><li data-section-id=\"1wjhi65\" data-start=\"4867\" data-end=\"4987\">sprawniejsza archiwizacja dokumentacji medycznej oraz lepsze wykorzystanie narz\u0119dzi cyfrowych w organizacji \u015bwiadcze\u0144,<\/li><li data-section-id=\"43r98f\" data-start=\"4988\" data-end=\"5082\">zwi\u0119kszenie dost\u0119pno\u015bci plac\u00f3wki dla os\u00f3b z niepe\u0142nosprawno\u015bciami i szczeg\u00f3lnymi potrzebami,<\/li><li data-section-id=\"mdxxx1\" data-start=\"5083\" data-end=\"5161\">zapewnienie bardziej czytelnej i niedyskryminuj\u0105cej komunikacji z pacjentem,<\/li><li data-section-id=\"ku3vig\" data-start=\"5162\" data-end=\"5306\">poprawa komfortu pacjent\u00f3w oraz jako\u015bci us\u0142ug zdrowotnych \u015bwiadczonych w Przychodni Lekarskiej Witomino.<\/li><\/ul><h2 data-section-id=\"16dpqz3\" data-start=\"5308\" data-end=\"5339\">Finansowanie przedsi\u0119wzi\u0119cia<\/h2><p data-start=\"5341\" data-end=\"5576\">Warto\u015b\u0107 wk\u0142adu Funduszy Europejskich zosta\u0142a wyliczona wed\u0142ug udzia\u0142u <strong data-start=\"5411\" data-end=\"5473\">79,71% \u015brodk\u00f3w Europejskiego Funduszu Rozwoju Regionalnego<\/strong> w finansowaniu projektu grantowego <strong data-start=\"5509\" data-end=\"5537\">FENX.06.01-IP.03-0001\/23<\/strong>.<\/p><p data-start=\"5578\" data-end=\"5627\" data-is-last-node=\"\" data-is-only-node=\"\"><strong data-start=\"5578\" data-end=\"5627\" data-is-last-node=\"\">#FunduszeEuropejskie #FunduszeUE #WsparciePOZ<\/strong><\/p>\t\t\t\t\t\t\t\t<\/div>\n\t\t\t\t<\/div>\n\t\t\t\t<\/div>\n\t\t\t\t<\/div>\n\t\t\t\t<\/div>\n\t\t\t\t<\/div>","protected":false},"excerpt":{"rendered":"<p>Wsparcie podstawowej opieki zdrowotnej (POZ) Projekt grantowy FEnIKS \u2013 Wsparcie POZ \u201ePrzychodnia Lekarska Witomino\u201d Sp. z o.o. w Gdyni realizuje przedsi\u0119wzi\u0119cie pn. \u201eWsparcie podstawowej opieki zdrowotnej (POZ)\u201d na podstawie umowy o powierzenie grantu zawartej z Narodowym Funduszem Zdrowia. Przedsi\u0119wzi\u0119cie jest dofinansowane ze \u015brodk\u00f3w Europejskiego Funduszu Rozwoju Regionalnego w ramach Programu Fundusze Europejskie na Infrastruktur\u0119, Klimat, [&hellip;]<\/p>\n","protected":false},"author":1,"featured_media":0,"parent":0,"menu_order":0,"comment_status":"closed","ping_status":"closed","template":"","meta":{"footnotes":""},"typ":[],"class_list":["post-6603","page","type-page","status-publish","hentry"],"_links":{"self":[{"href":"https:\/\/przychodniawitomino.pl\/en\/wp-json\/wp\/v2\/pages\/6603","targetHints":{"allow":["GET"]}}],"collection":[{"href":"https:\/\/przychodniawitomino.pl\/en\/wp-json\/wp\/v2\/pages"}],"about":[{"href":"https:\/\/przychodniawitomino.pl\/en\/wp-json\/wp\/v2\/types\/page"}],"author":[{"embeddable":true,"href":"https:\/\/przychodniawitomino.pl\/en\/wp-json\/wp\/v2\/users\/1"}],"replies":[{"embeddable":true,"href":"https:\/\/przychodniawitomino.pl\/en\/wp-json\/wp\/v2\/comments?post=6603"}],"version-history":[{"count":4,"href":"https:\/\/przychodniawitomino.pl\/en\/wp-json\/wp\/v2\/pages\/6603\/revisions"}],"predecessor-version":[{"id":6608,"href":"https:\/\/przychodniawitomino.pl\/en\/wp-json\/wp\/v2\/pages\/6603\/revisions\/6608"}],"wp:attachment":[{"href":"https:\/\/przychodniawitomino.pl\/en\/wp-json\/wp\/v2\/media?parent=6603"}],"wp:term":[{"taxonomy":"typ","embeddable":true,"href":"https:\/\/przychodniawitomino.pl\/en\/wp-json\/wp\/v2\/typ?post=6603"}],"curies":[{"name":"wp","href":"https:\/\/api.w.org\/{rel}","templated":true}]}}